{"id":57,"date":"2016-05-23T09:38:35","date_gmt":"2016-05-23T09:38:35","guid":{"rendered":"http:\/\/ieomsociety.org\/bogota2017\/?page_id=57"},"modified":"2017-10-29T12:09:32","modified_gmt":"2017-10-29T12:09:32","slug":"keynote","status":"publish","type":"page","link":"http:\/\/ieomsociety.org\/bogota2017\/keynote\/","title":{"rendered":"Keynote"},"content":{"rendered":"<h1 style=\"text-align: center;\"><span style=\"color: #993300;\">Keynote<\/span><\/h1>\n<h3><span style=\"color: #008000;\"><strong>October 25, 2017 (Wednesday) <\/strong><\/span><\/h3>\n<hr \/>\n<p>8:00 \u2013 8:10, Wednesday\u00a0<em><span style=\"color: #0000ff;\">Welcome Address &#8211;\u00a0<\/span><\/em>Salon Esmeralda I &amp; II<\/p>\n<p><span style=\"color: #993300;\"><strong><span style=\"color: #ff6600;\">Bienvenida a Cargo del Rector Jos\u00e9 Manuel Restrepo<\/span><br \/>\n<\/strong>Univeristy of Rosario<\/span><br \/>\n<span style=\"color: #993300;\"> Bogota, Colombia<\/span><\/p>\n<p><img loading=\"lazy\" decoding=\"async\" class=\"wp-image-442 alignleft\" src=\"http:\/\/ieomsociety.org\/bogota2017\/wp-content\/uploads\/2016\/05\/Jos\u00e9-Manuel-Restrepo.png\" alt=\"\" width=\"218\" height=\"202\" srcset=\"http:\/\/ieomsociety.org\/bogota2017\/wp-content\/uploads\/2016\/05\/Jos\u00e9-Manuel-Restrepo.png 330w, http:\/\/ieomsociety.org\/bogota2017\/wp-content\/uploads\/2016\/05\/Jos\u00e9-Manuel-Restrepo-300x278.png 300w, http:\/\/ieomsociety.org\/bogota2017\/wp-content\/uploads\/2016\/05\/Jos\u00e9-Manuel-Restrepo-195x181.png 195w\" sizes=\"(max-width: 218px) 100vw, 218px\" \/>Jos\u00e9 Manuel Restrepo is the President of Universidad del Rosario in Bogota, Colombia. He is an Economist from the same University, where he also obtained a graduate certificate in Private Finance and Senior Management. He holds a Master&#8217;s degree in Economics from the London School of Economics and a PhD in Management of Higher Education Institutions from the University of Bath.<\/p>\n<p>Dr. Restrepo previously worked as President of CESA (a Business School based in Bogota) and was part of the Financial Planning Department at FONADE (Financial Fund for Development Plans in Colombia). He was member of the National Council for the Quality Assurance of Higher Education at the Colombian National Ministry of Education. His proven experience has allowed him to perform as a business consultant, as well as an advisor in quality assurance and accreditation of higher education institutions.<\/p>\n<p>He is the author of several books, merit dissertations, research papers and academic articles published both nationally and internationally. He was recognized as one of the outstanding young executives of the country in 2003 by The Colombian Junior Chamber and was one of the 6 winners of the CEO of the Future contest, held in 2005 by Dinero magazine, Korn Ferry International and the Universidad de los Andes MBA program.<\/p>\n<hr \/>\n<p>8:10 \u2013 8:20, Wednesday\u00a0<em><span style=\"color: #0000ff;\">Welcome Address &#8211;\u00a0<\/span><\/em>Salon Esmeralda I &amp; II<\/p>\n<p><span style=\"color: #ff6600;\"><strong>Alejandro Cheyne<\/strong><\/span><br \/>\n<span style=\"color: #993300;\">Dean School of Business<\/span><br \/>\n<span style=\"color: #993300;\">University of Rosario<\/span><br \/>\n<span style=\"color: #993300;\">Bogota, Colombia<br \/>\n<\/span><\/p>\n<p><img loading=\"lazy\" decoding=\"async\" class=\"wp-image-443 alignleft\" src=\"http:\/\/ieomsociety.org\/bogota2017\/wp-content\/uploads\/2016\/05\/Alejandro-Cheyne.png\" alt=\"\" width=\"216\" height=\"205\" srcset=\"http:\/\/ieomsociety.org\/bogota2017\/wp-content\/uploads\/2016\/05\/Alejandro-Cheyne.png 319w, http:\/\/ieomsociety.org\/bogota2017\/wp-content\/uploads\/2016\/05\/Alejandro-Cheyne-300x284.png 300w, http:\/\/ieomsociety.org\/bogota2017\/wp-content\/uploads\/2016\/05\/Alejandro-Cheyne-195x185.png 195w\" sizes=\"(max-width: 216px) 100vw, 216px\" \/>Jos\u00e9 Alejandro Cheyne G. es considerado como uno de los catedr\u00e1ticos m\u00e1s importantes en los programas de Educaci\u00f3n Superior en Colombia. Su firme deseo por compartir desde muy joven sus experiencias de aprendizaje te\u00f3rico \u2013 pr\u00e1cticas, lo han hecho merecedor de diferentes reconocimientos como Colegial de N\u00famero de la Universidad del Rosario, The Outstanding Young People de la C\u00e1mara Junior Internacional Colombia y Profesor destacado en programas de postgrado entre otros.<\/p>\n<p>Su gran esfuerzo por fortalecer el pensamiento complejo en sus alumnos con su dimensi\u00f3n f\u00edsica, intelectual y espiritual como respuesta a las contradicciones de la hipermodernidad, se refleja no solo en el desarrollo de competencias nucleares sino tambi\u00e9n en resultados a\u00fan m\u00e1s nobles cuando logra trascender en su proyecto de vida.<\/p>\n<p>El deseo permanente por avanzar en su proceso de formaci\u00f3n acad\u00e9mica lo han llevado a cumplir satisfactoriamente su pregrado en econom\u00eda, especializaci\u00f3n en docencia universitaria, especializaci\u00f3n en administraci\u00f3n de empresas, estudios de alta gerencia internacional y recientemente su doctorado en pedagog\u00eda en donde el emprendimiento se ha convertido en el centro de su labor investigativa.<\/p>\n<hr \/>\n<p>8:20 &#8211; 8:50 am, Wednesday\u00a0&#8211;\u00a0<em><span style=\"color: #0000ff;\">Keynote &#8211;\u00a0<\/span><\/em>Salon Esmeralda I &amp; II<\/p>\n<p><span style=\"color: #993300;\"><strong><span style=\"color: #ff6600;\">Dr. Pedro Jose Fernandez Ayala<\/span><br \/>\n<\/strong>Vicepresidente de innovaci\u00f3n e inteligencia<\/span><br \/>\n<span style=\"color: #993300;\"> Sectorial PROCOLOMBIA<\/span><\/p>\n<p><img loading=\"lazy\" decoding=\"async\" class=\"alignnone wp-image-401\" src=\"http:\/\/ieomsociety.org\/bogota2017\/wp-content\/uploads\/2016\/05\/Pedro-Jose.png\" alt=\"\" width=\"219\" height=\"252\" srcset=\"http:\/\/ieomsociety.org\/bogota2017\/wp-content\/uploads\/2016\/05\/Pedro-Jose.png 181w, http:\/\/ieomsociety.org\/bogota2017\/wp-content\/uploads\/2016\/05\/Pedro-Jose-170x195.png 170w\" sizes=\"(max-width: 219px) 100vw, 219px\" \/><\/p>\n<p>Accomplished professional in Business Administration. Specialist in Statistics, Information Systems, Marketing Research, Public Opinion and Political Marketing. Broad experience in Project Management, as well as in research and marketing projects, with emphasis in designing and monitoring marketing intelligence processes and use of information for decision-making and Market Analysis. Executive with high efficiency management practice and recognized abilities in handling personnel by establishing meaningful and strong interpersonal relationships. Proven leadership and excellent people skills that enables exceptional teamwork.<\/p>\n<hr \/>\n<p>9:00 &#8211; 9:45 am, Wednesday\u00a0&#8211;\u00a0<em><span style=\"color: #0000ff;\">Keynote &#8211;\u00a0<\/span><\/em>Salon Esmeralda I<\/p>\n<p><span style=\"color: #ff6600;\"><strong><img loading=\"lazy\" decoding=\"async\" class=\" wp-image-444 alignleft\" src=\"http:\/\/ieomsociety.org\/bogota2017\/wp-content\/uploads\/2016\/05\/Jorge-Enrique-Rojas-Rodriguez.jpg\" alt=\"\" width=\"215\" height=\"215\" srcset=\"http:\/\/ieomsociety.org\/bogota2017\/wp-content\/uploads\/2016\/05\/Jorge-Enrique-Rojas-Rodriguez.jpg 337w, http:\/\/ieomsociety.org\/bogota2017\/wp-content\/uploads\/2016\/05\/Jorge-Enrique-Rojas-Rodriguez-150x150.jpg 150w, http:\/\/ieomsociety.org\/bogota2017\/wp-content\/uploads\/2016\/05\/Jorge-Enrique-Rojas-Rodriguez-300x300.jpg 300w, http:\/\/ieomsociety.org\/bogota2017\/wp-content\/uploads\/2016\/05\/Jorge-Enrique-Rojas-Rodriguez-195x195.jpg 195w, http:\/\/ieomsociety.org\/bogota2017\/wp-content\/uploads\/2016\/05\/Jorge-Enrique-Rojas-Rodriguez-130x130.jpg 130w, http:\/\/ieomsociety.org\/bogota2017\/wp-content\/uploads\/2016\/05\/Jorge-Enrique-Rojas-Rodriguez-70x70.jpg 70w, http:\/\/ieomsociety.org\/bogota2017\/wp-content\/uploads\/2016\/05\/Jorge-Enrique-Rojas-Rodriguez-45x45.jpg 45w\" sizes=\"(max-width: 215px) 100vw, 215px\" \/>Jorge Enrique Rojas Rodriguez<br \/>\n<\/strong><span style=\"color: #993300;\">Assistant Professor of Industrial Engineering<\/span><br \/>\n<span style=\"color: #993300;\">Universidad del Bosque<\/span><br \/>\n<span style=\"color: #993300;\">Bogota, Colombia<br \/>\n<\/span><\/span><\/p>\n<p>M.A. in Industrial Engineering with more than 10 years of experience in academia, administrative topics (purchases, contracts, insurances, portfolio, among others), finance (cost and expenses tracking, budget allocation, definition, cash flow, importations cost and evaluation of investment projects, follow up and development of management indicators, including the definition of the compensation model of the commercial force and the definition of prices by channel) and optimization and productivity (comparative analysis of business units and measure of individual and global efficiency )<\/p>\n<p>Academic experiences of more than 10 years in bachelor degrees and post-graduate degrees in areas of processes optimization and consulting of corporative improvement.<\/p>\n<p style=\"text-align: center;\"><em>\u201cApplication of Operations Investigation to a Model of Assignment towards Typical Processes in a Supply Chain\u201d<\/em><\/p>\n<hr \/>\n<p>9:00 &#8211; 9:45 am, Wednesday\u00a0&#8211;\u00a0<em><span style=\"color: #0000ff;\">Keynote &#8211;\u00a0<\/span><\/em>Salon Esmeralda II<\/p>\n<p><strong><span style=\"color: #ff6600;\">Fabi\u00e1n Escudero Jessurum<\/span><br \/>\n<\/strong>Gerente Comercial. CELPA<br \/>\nZONA FRANCA PERMANENTE S.A<\/p>\n<p><span style=\"color: #993300;\"><strong><span style=\"color: #ff6600;\"><img loading=\"lazy\" decoding=\"async\" class=\"alignnone wp-image-420\" src=\"http:\/\/ieomsociety.org\/bogota2017\/wp-content\/uploads\/2016\/05\/Fabian.jpg\" alt=\"\" width=\"219\" height=\"211\" srcset=\"http:\/\/ieomsociety.org\/bogota2017\/wp-content\/uploads\/2016\/05\/Fabian.jpg 453w, http:\/\/ieomsociety.org\/bogota2017\/wp-content\/uploads\/2016\/05\/Fabian-300x290.jpg 300w, http:\/\/ieomsociety.org\/bogota2017\/wp-content\/uploads\/2016\/05\/Fabian-195x189.jpg 195w\" sizes=\"(max-width: 219px) 100vw, 219px\" \/><\/span><\/strong><\/span><\/p>\n<p>Ingeniero Industrial<br \/>\nUniversidad del Norte; Barranquilla<br \/>\nMaestr\u00eda en Direcci\u00f3n de Marketing MDM<br \/>\nColegio de Estudios Superiores de Administraci\u00f3n &#8211; CESA; Bogot\u00e1<br \/>\nMaestr\u00eda en Direcci\u00f3n de Marketing y Gesti\u00f3n Comercial<br \/>\nESIC Business Marketing School\u2013 Madrid; Espa\u00f1a<\/p>\n<hr \/>\n<p>9:45 &#8211; 10:15 Break<\/p>\n<hr \/>\n<p>10:15 &#8211; 11:15 am, Wednesday\u00a0&#8211;\u00a0<em><span style=\"color: #0000ff;\">Keynote &#8211;\u00a0<\/span><\/em>Salon Esmeralda I &amp; II<\/p>\n<p><span style=\"color: #993300;\"><strong><img loading=\"lazy\" decoding=\"async\" class=\"wp-image-366 alignnone\" src=\"http:\/\/ieomsociety.org\/bogota2017\/wp-content\/uploads\/2016\/05\/edgar.jpg\" alt=\"\" width=\"218\" height=\"327\" srcset=\"http:\/\/ieomsociety.org\/bogota2017\/wp-content\/uploads\/2016\/05\/edgar.jpg 512w, http:\/\/ieomsociety.org\/bogota2017\/wp-content\/uploads\/2016\/05\/edgar-200x300.jpg 200w, http:\/\/ieomsociety.org\/bogota2017\/wp-content\/uploads\/2016\/05\/edgar-130x195.jpg 130w\" sizes=\"(max-width: 218px) 100vw, 218px\" \/><br \/>\n<span style=\"color: #ff6600;\">Dr. Edgar Higuera Gomez<\/span><br \/>\n<\/strong>Gerente de Log\u00edstica, Transporte e Infraestructura de la ANDI<\/span><\/p>\n<p>Ingeniero en Transportes y V\u00edas<br \/>\nPostgrados en optimizaci\u00f3n del transporte, planeaci\u00f3n de transporte, UPV<br \/>\nCoordinador Regional estudio de Log\u00edstica y Competitividad en la Comunidad Andina. CAF.<br \/>\nConferencista en diferentes foros internacionales.<br \/>\nHa actuado como Presidente de la Comisi\u00f3n Andina de Transporte.<br \/>\nMiembro de los Consejos directivos de distintas entidades y comit\u00e9s p\u00fablicos y privados del sector transporte en Colombia y la Comunidad Andina.<br \/>\nConsultor de CCI\/UNCTAD \u2013 OMC, BID, OEA,<br \/>\nEspecialista en Log\u00edstica Programa Trainmar.<br \/>\nAsesor de Plataformas Log\u00edsticas Portuarias.<\/p>\n<hr \/>\n<p>11:15 \u2013 12:30, Wednesday &#8211;\u00a0<em><span style=\"color: #0000ff;\">Keynotes<\/span><\/em><span style=\"color: #0000ff;\"> <span style=\"color: #000000;\">&#8211; Salon Esmeralda I &amp; II<\/span><\/span><\/p>\n<p><span style=\"color: #ff6600;\"><strong>Leonardo E. Wilinski<\/strong><\/span><br \/>\n<img loading=\"lazy\" decoding=\"async\" class=\"wp-image-375 alignleft\" src=\"http:\/\/ieomsociety.org\/bogota2017\/wp-content\/uploads\/2016\/05\/Leonardo-E.-Wilinski.jpg\" alt=\"\" width=\"219\" height=\"190\" srcset=\"http:\/\/ieomsociety.org\/bogota2017\/wp-content\/uploads\/2016\/05\/Leonardo-E.-Wilinski.jpg 588w, http:\/\/ieomsociety.org\/bogota2017\/wp-content\/uploads\/2016\/05\/Leonardo-E.-Wilinski-300x261.jpg 300w, http:\/\/ieomsociety.org\/bogota2017\/wp-content\/uploads\/2016\/05\/Leonardo-E.-Wilinski-195x169.jpg 195w\" sizes=\"(max-width: 219px) 100vw, 219px\" \/>VP South America Channel<br \/>\nSiemens Industry Software<br \/>\nDigital Factory Division<br \/>\nProduct Lifecycle Management<br \/>\nSao Paulo, SP, Brazil<\/p>\n<p>Leonardo E. Wilinski is an industry veteran with over 25 years\u2019 experience building and manage sales and marketing teams for software and service providers in the industrial IT market in South America Countries.<\/p>\n<p>Mr. Wilinski spent last 17 years with Siemens Industry Software, also known as Siemens PLM, becoming Vice President, South America Channel in 2013. Siemens PLM\u00b4s Channels in South America include Value Added Resellers (VARs), Corporate Resellers, Educational VARs and Independent Software Vendors (ISVs).<\/p>\n<p>Mr. Wilinski is today responsible for the end-to-end execution of sales and services to Customers with Channels. In his previous tenure within Siemens, he was in charge of Regional Direct Sales teams, as Manager and Director in Brazil, and Country Manager of Spanish Speaking Countries in South America.<\/p>\n<p>Prior to Siemens, Mr. Wilinski spent 10 years in field sales roles in the Brazilian market, as Account Executive, Sales Manager and Sales Director, mainly serving companies in the utilities and finance IT market and medium and large industrial organizations in the ERP market.<\/p>\n<p>Mr. Wilinski was born in Montevideo, Uruguay, and holds a Bachelor of Science degree and a Civil Engineer Highway degree from Universidad de la Rep\u00fablica Oriental del Uruguay, and a Master in Business Administration from Funda\u00e7\u00e3o Get\u00falio Vargas in Brazil.<\/p>\n<p>Summary of Qualifications<br \/>\nB2B Sales, Sales Strategy, Sales Performance, Sales Productivity, Sales Enablement, Territory Management, Customer Acquisition, Customer Retention, Business Planning, Business Management, Sales Coaching, Business Coaching.<\/p>\n<hr \/>\n<p>12:30 \u2013 2:00 <span style=\"color: #0000ff;\"><em>Lunch\u00a0<\/em><\/span><\/p>\n<hr \/>\n<p>2:00 \u2013 3:00, Wednesday &#8211;\u00a0<em><span style=\"color: #0000ff;\">Keynote<\/span><\/em><span style=\"color: #ff9900;\"><em><span style=\"color: #0000ff;\">\u00a0<\/span><\/em><\/span><strong>\u00a0\u00a0<em><span style=\"color: #0000ff;\">&#8211;\u00a0<\/span><\/em><\/strong>Salon Esmeralda I<\/p>\n<p><span style=\"color: #ff6600;\"><strong>Dr. Lope Hugo Barrero<br \/>\n<\/strong><\/span><span style=\"color: #993300;\"><img loading=\"lazy\" decoding=\"async\" class=\" wp-image-125 alignleft\" src=\"http:\/\/ieomsociety.org\/bogota2017\/wp-content\/uploads\/2016\/05\/Lope-Hugo-Barrero.jpg\" alt=\"\" width=\"217\" height=\"170\" srcset=\"http:\/\/ieomsociety.org\/bogota2017\/wp-content\/uploads\/2016\/05\/Lope-Hugo-Barrero.jpg 437w, http:\/\/ieomsociety.org\/bogota2017\/wp-content\/uploads\/2016\/05\/Lope-Hugo-Barrero-300x235.jpg 300w, http:\/\/ieomsociety.org\/bogota2017\/wp-content\/uploads\/2016\/05\/Lope-Hugo-Barrero-195x153.jpg 195w\" sizes=\"(max-width: 217px) 100vw, 217px\" \/>Associate Professor and Chair<\/span><br \/>\n<span style=\"color: #993300;\">Department of Industrial Engineering<br \/>\n<\/span><span style=\"color: #993300;\">Pontificia Universidad Javeriana<\/span><br \/>\n<span style=\"color: #993300;\">Bogota, Colombia<\/span><\/p>\n<p><span style=\"font-family: 'Times New Roman',serif;\"><span style=\"color: #000000;\">Dr. Lope H. Barrero is an Associate Professor and Chair, Department of Industrial Engineering at Pontificia Universidad Javeriana, Bogot\u00e1, Colombia. Dr. Barrero is a researcher and consultant at the Center for Ergonomics studies of the same university. He is an industrial engineer graduated from Pontificia Universidad Javeriana in Bogota; a Master in Environmental Health with emphasis in risk and epidemiology from Harvard University in Boston, USA; and a Doctor in Environmental Health with emphasis in Ergonomics and Safety also from Harvard University. Dr. Barrero has extensive research experience working in collaboration with researchers locally and in several countries of the world, covering areas such as pathophysiological mechanisms behind musculoskeletal disorders, occupational epidemiology of musculoskeletal disorders, road injury prevention, and burden of occupational disease. As a result of his academic and professional activity he has co-authored more than 30 articles in high-impact scientific journals. Dr. Barrero has been a consultant in several important companies in the Colombian industry in the mining, agricultural and food industry. He is currently leading an initiative to provide consultant services in process and product design to small and medium-size companies of the wood and furniture sector in collaboration with the government of the Bogot\u00e1 city.<\/span><\/span><\/p>\n<hr \/>\n<p><strong>2:00 \u2013 3:00, Wednesday &#8211;\u00a0<em><span style=\"color: #0000ff;\">Keynote<\/span><\/em><span style=\"color: #ff9900;\"><em><span style=\"color: #0000ff;\">\u00a0<\/span><\/em><\/span>\u00a0\u00a0<em><span style=\"color: #0000ff;\">&#8211;\u00a0<\/span><\/em><\/strong>Salon Esmeralda II<\/p>\n<p><span style=\"color: #993300;\"><span style=\"font-family: 'Times New Roman',serif;\"><strong><span style=\"color: #ff6600;\"><img loading=\"lazy\" decoding=\"async\" class=\"wp-image-398 alignleft\" src=\"http:\/\/ieomsociety.org\/bogota2017\/wp-content\/uploads\/2016\/05\/Mbohwa.png\" alt=\"\" width=\"216\" height=\"195\" srcset=\"http:\/\/ieomsociety.org\/bogota2017\/wp-content\/uploads\/2016\/05\/Mbohwa.png 645w, http:\/\/ieomsociety.org\/bogota2017\/wp-content\/uploads\/2016\/05\/Mbohwa-300x271.png 300w, http:\/\/ieomsociety.org\/bogota2017\/wp-content\/uploads\/2016\/05\/Mbohwa-620x560.png 620w, http:\/\/ieomsociety.org\/bogota2017\/wp-content\/uploads\/2016\/05\/Mbohwa-195x176.png 195w\" sizes=\"(max-width: 216px) 100vw, 216px\" \/>Prof. Charles Mbohwa<\/span><\/strong><\/span><span style=\"font-family: 'Times New Roman',serif;\"><br \/>\n<\/span><span style=\"font-family: 'Times New Roman',serif;\">Professor<br \/>\n<\/span><span style=\"font-family: 'Times New Roman',serif;\">Faculty of Engineering and the Built Environment (FEBE)<br \/>\n<\/span><span style=\"font-family: 'Times New Roman',serif;\">University of Johannesburg (UJ)<br \/>\n<\/span><span style=\"font-family: 'Times New Roman',serif;\">Johannesburg, South Africa<\/span><\/span><\/p>\n<p>Professor Charles Mbohwa is a Professor in the Faculty of Engineering and the Built Environment. He is an established researcher and professor in the field of sustainability engineering and energy. He was the Chairman and Head of Department of Mechanical Engineering at the University of Zimbabwe from 1994 to 1997 and was Vice-Dean of Postgraduate Studies Research and Innovation in the Faculty of Engineering and the Built Environment at the University of Johannesburg from 2014 to 2017. He has published more than 350 papers in peer-reviewed journals and conferences, 10 book chapters and three books. He has a Scopus h-index of 11 and Google Scholar h-index of 14. Upon graduating with his BSc Honours in Mechanical Engineering from the University of Zimbabwe in 1986, he was employed as a mechanical engineer by the National Railways of Zimbabwe. He holds a Masters in Operations Management and Manufacturing Systems from University of Nottingham and completed his doctoral studies at Tokyo Metropolitan Institute of Technology in Japan. He was a Fulbright Scholar visiting the Supply Chain and Logistics Institute at the School of Industrial and Systems Engineering, Georgia Institute of Technology, a Japan Foundation Fellow, is a Fellow of the Zimbabwean Institution of Engineers and is a registered mechanical engineer with the Engineering Council of Zimbabwe. He has been a collaborator in projects of the United Nations Environment Programme. He has also visited many countries on research and training engagements including the United Kingdom, Japan, German, France, the USA, Brazil, Sweden, Ghana, Nigeria, Kenya, Tanzania, Malawi, Mauritius, Austria, the Netherlands, Uganda, Namibia and Australia. He has had several awards including British Council Scholarship, Japanese Foundation Fellowship, Kubota Foundation Fellowship; Fulbright Fellowship.<\/p>\n<hr \/>\n<p>3:30 \u2013 4:00 <span style=\"color: #0000ff;\"><em>Break<\/em><\/span><\/p>\n<hr \/>\n<p>4:00 \u2013 5:00, Wednesday &#8211;\u00a0<em><span style=\"color: #0000ff;\">Keynote\u00a0&#8211;\u00a0<span style=\"color: #000000;\">Salon Esmeralda I<\/span><\/span><\/em><\/p>\n<p><span style=\"color: #ff6600;\"><strong>Juan G. Villegas<\/strong> <\/span><\/p>\n<p><span style=\"color: #993300;\"><img loading=\"lazy\" decoding=\"async\" class=\" wp-image-174 alignleft\" src=\"http:\/\/ieomsociety.org\/bogota2017\/wp-content\/uploads\/2016\/05\/Juan-G.-Villegas.png\" alt=\"\" width=\"215\" height=\"224\" srcset=\"http:\/\/ieomsociety.org\/bogota2017\/wp-content\/uploads\/2016\/05\/Juan-G.-Villegas.png 369w, http:\/\/ieomsociety.org\/bogota2017\/wp-content\/uploads\/2016\/05\/Juan-G.-Villegas-287x300.png 287w, http:\/\/ieomsociety.org\/bogota2017\/wp-content\/uploads\/2016\/05\/Juan-G.-Villegas-186x195.png 186w\" sizes=\"(max-width: 215px) 100vw, 215px\" \/>Associate Professor <\/span><br \/>\n<span style=\"color: #993300;\">Department of Industrial Engineering <\/span><br \/>\n<span style=\"color: #993300;\">Universidad de Antioquia<\/span><br \/>\n<span style=\"color: #993300;\">Medell\u00edn, Colombia<\/span><\/p>\n<p>Juan G. Villegas is Associate professor of the Department of Industrial Engineering at Universidad de Antioquia (Medell\u00edn, Colombia). His current research interests include exact and (meta)heuristic methods applied to multi-objective optimization, facility location, and vehicle routing problems. Professor Villegas is member of the research group INCAS (Innovaci\u00f3n y gesti\u00f3n de Cadenas de Abastecimiento) of the Universidad de Antioquia. Since the end of 2014 he is the president of the Colombian Operational Research Society (ASOCIO-Asociaci\u00f3n Colombiana de Investigaci\u00f3n Operativa).<\/p>\n<hr \/>\n<h2><span style=\"color: #008000;\"><strong>October 26, 2017 (Thursday)<\/strong><\/span><\/h2>\n<hr \/>\n<p>8:00 \u2013 9:00, Thursday &#8211;\u00a0<span style=\"color: #0000ff;\"><em>Keynote\u00a0&#8211;\u00a0<span style=\"color: #000000;\">Salon Esmeralda I<\/span><\/em><\/span><\/p>\n<p><span style=\"color: #ff6600;\"><strong>Mr. Gil Lugo<\/strong><\/span><\/p>\n<p><span style=\"color: #993300;\"><img loading=\"lazy\" decoding=\"async\" class=\"wp-image-198 alignleft\" src=\"http:\/\/ieomsociety.org\/bogota2017\/wp-content\/uploads\/2016\/05\/Gil.jpg\" alt=\"\" width=\"217\" height=\"327\" srcset=\"http:\/\/ieomsociety.org\/bogota2017\/wp-content\/uploads\/2016\/05\/Gil.jpg 440w, http:\/\/ieomsociety.org\/bogota2017\/wp-content\/uploads\/2016\/05\/Gil-199x300.jpg 199w, http:\/\/ieomsociety.org\/bogota2017\/wp-content\/uploads\/2016\/05\/Gil-130x195.jpg 130w\" sizes=\"(max-width: 217px) 100vw, 217px\" \/>President, Lean ISO Experts, Inc.<\/span><br \/>\n<span style=\"color: #993300;\">President, Green and Sustainable Solutions, Inc.<\/span><br \/>\n<span style=\"color: #993300;\">Hollywood, Florida, USA<\/span><\/p>\n<p>GILBERTO LUGO is an Instructor, Consultant and Auditor with more than forty years of international experience in various industries.\u00a0 Creator of \u201cIntegrated Continual Improvement Methodology (iCIM) a methodology to achieve exponential profitable growth.<\/p>\n<p>Mr. Lugo is a Mechanical Engineering and an expert in Lean Enterprise, Theory of Constraints (TOC), Six Sigma and ISO Management Systems. He is a Lead Auditor certified by various international organizations to the newest versions of ISO 9001 (Quality), ISO 14001 (Environmental), OHSAS 18001 (Occupational Health and Safety) and FSC &amp; PEFC Chain of Custody. He is also certified as an Instructor by Exemplar Global (formally RABQSA) in ISO 9001, ISO 14001 and OHSAS 18001 and Florida International University and Palm Beach College in Lean Enterprise.<br \/>\nIn addition, Mr. Lugo teaches at several colleges and universities and is a keynote speaker at local, national and international conferences. Mr. Lugo is the past Chairman of the SME (Society of Manufacturing Engineers) Southeast Florida and the past Chairman of ASQ (American Society for Quality) Palm Beach. Mr. Lugo also serves of several Boards of Directors.<\/p>\n<p>Awards:<\/p>\n<ul>\n<li>For two consecutive years he received the &#8220;Above and Beyond Award&#8221; for his outstanding contribution to the vitality and prosperity of manufacturing in the US by the USA NIST program Florida MEP.<\/li>\n<li>&#8220;IEOM Industry Solutions Award&#8221; for his outstanding contributions in the field of engineering incorporating tools such as LEAN, Six Sigma, ISO and Theory of Constraints by the Industrial Engineering and Operations Management Society (IEOM).<\/li>\n<li>US delegate to the ISO Technical Committees 176 (Quality Management System); 207 (Environmental Management System) and 302 (Auditing Management Systems).<\/li>\n<\/ul>\n<hr \/>\n<p>9:00 \u2013 10:00, Thursday &#8211;\u00a0<span style=\"color: #0000ff;\"><em>Keynote\u00a0&#8211;\u00a0<span style=\"color: #000000;\">Salon Esmeralda I<\/span><\/em><\/span><\/p>\n<p><span style=\"color: #ff6600;\"><strong>Professor Donald M. Reimer<br \/>\n<\/strong><\/span><span style=\"color: #993300;\"><img loading=\"lazy\" decoding=\"async\" class=\"wp-image-167 alignleft\" src=\"http:\/\/ieomsociety.org\/bogota2017\/wp-content\/uploads\/2016\/05\/REIMER.jpg\" alt=\"\" width=\"218\" height=\"329\" srcset=\"http:\/\/ieomsociety.org\/bogota2017\/wp-content\/uploads\/2016\/05\/REIMER.jpg 680w, http:\/\/ieomsociety.org\/bogota2017\/wp-content\/uploads\/2016\/05\/REIMER-199x300.jpg 199w, http:\/\/ieomsociety.org\/bogota2017\/wp-content\/uploads\/2016\/05\/REIMER-620x934.jpg 620w, http:\/\/ieomsociety.org\/bogota2017\/wp-content\/uploads\/2016\/05\/REIMER-129x195.jpg 129w\" sizes=\"(max-width: 218px) 100vw, 218px\" \/>President,\u00a0 The Small Business Strategy Group\u00a0<\/span><br \/>\n<span style=\"color: #993300;\">Detroit, Michigan, USA<br \/>\n<\/span><span style=\"color: #993300;\">Adjunct Faculty &#8211; A. Leon Linton Department of Mechanical Engineering<\/span><br \/>\n<span style=\"color: #993300;\">Lawrence Technological University<\/span><br \/>\n<span style=\"color: #993300;\">Southfield, Michigan, USA<\/span><\/p>\n<p style=\"text-align: center;\"><em><span style=\"color: #ff00ff;\">Innovation, Entrepreneurship and Corporate Intrapreneurship<\/span><\/em><\/p>\n<p>Donald M. Reimer is an adjunct faculty at the A. Leon Linton Department of Mechanical Engineering in College of Engineering at Lawrence Tech in Southfield, Michigan. He coordinates the Certificate of Entrepreneurial Engineering Skills. Mr. Reimer holds a Bachelor of Science degree in Industrial Management from Lawrence Technological University and a Master of Arts degree in Political Science from University of Detroit\/Mercy. He is a Certified Management Consultant with over 35 years of experience in working with closely-held businesses. He has taught courses in entrepreneurship, strategic management, corporate entrepreneurship and innovation for engineers. Mr. Reimer is a member of the Lawrence Tech Kern Campus Committee, Coordinator of the Lawrence Tech Innovation Encounter. He is faculty Advisor of the Collegiate Entrepreneurs\u2019 Organization. Mr. Reimer serves as a Kern Fellow of The Kern Family Foundation, Co-Direct of the Coleman Fellows Program, member of the National Collegiate Entrepreneurs\u2019 Organization Faculty Advisory Council and is a member of the American Society of Engineering Education.<\/p>\n<p>He has operated his own consulting company \u2013 The Small Business Strategy Group for 23 years. He published numerous articles on small business, entrepreneurship and strategic thinking. He has received several awards and recognition by local, state and federal agencies for his work in entrepreneurship and minority business development. Mr. Reimer served as member of the Minority Economic Development Committee of New Detroit. Mr. Reimer is member of the Small Business Advisory Council of the Detroit Regional Chamber of Commerce. Mr. Reimer is a member of Advisory Board of the Milwaukee Junction Small Business Assistance Center. He is also a member of the Applied Innovation Alliance. Mr. Reimer serves as a KEEN Fellow for The Kern Family Foundation and is a member of United States Association of Small Business and Entrepreneurship.<\/p>\n<hr \/>\n<p>10:00 &#8211; 10:30 Break<\/p>\n<hr \/>\n<p><span style=\"color: #ff6600;\"><span style=\"color: #000000;\">10:30 am\u00a0&#8211; 11:30 am, Thursday\u00a0&#8211;\u00a0<\/span><em><span style=\"color: #0000ff;\">Keynote <span style=\"color: #000000;\">&#8211;\u00a0<\/span><\/span><\/em><span style=\"color: #000000;\">Salon Esmeralda I &amp; II<\/span><\/span><\/p>\n<p><span style=\"color: #993300;\"><strong><img loading=\"lazy\" decoding=\"async\" class=\"wp-image-365 alignleft\" src=\"http:\/\/ieomsociety.org\/bogota2017\/wp-content\/uploads\/2016\/05\/enrique.jpg\" alt=\"\" width=\"217\" height=\"332\" srcset=\"http:\/\/ieomsociety.org\/bogota2017\/wp-content\/uploads\/2016\/05\/enrique.jpg 151w, http:\/\/ieomsociety.org\/bogota2017\/wp-content\/uploads\/2016\/05\/enrique-127x195.jpg 127w\" sizes=\"(max-width: 217px) 100vw, 217px\" \/><span style=\"color: #ff6600;\">Enrique Sandoval<\/span><\/strong><br \/>\n<\/span><span style=\"color: #993300;\">Vice President and COO<\/span><br \/>\n<span style=\"color: #993300;\">OCENSA<\/span><br \/>\n<span style=\"color: #993300;\">Bogota, Colombia<\/span><\/p>\n<p>Ingeniero Civil egresado de la Universidad de Los Andes (Bogot\u00e1), Especializaci\u00f3n en Operaciones de Producci\u00f3n del Massachusetts Institute of Technology, Maestr\u00eda en Ingenier\u00eda Civil Ambiental de la Universidad de Liverpool (Inglaterra). Ejecutivo Senior con m\u00e1s de 22 a\u00f1os de experiencia en sector Oil &amp; Gas. En 1995 inici\u00f3 en BP Colombia, Casanare en cargos Administrativos Ambientales y Log\u00edsticos para Cusiana y Cupiagua. En BP UK, Aberdeen (2002) lider\u00f3 el Equipo de Planeaci\u00f3n Integrada y en BP Russia (2003) como consultor desarroll\u00f3 procesos de planeaci\u00f3n y producci\u00f3n para nuevos negocios. Regresa a BP UK, Aberdeen (2004) como Gerente de Producci\u00f3n. En 2006 en BP Angola se desempe\u00f1a como Gerente de Operaciones y Gerente de Servicios de Ingenier\u00eda Unidad de Negocios de Angola desde Londres, Ulsan Korea y Angola. En 2010 es nombrado Vicepresidente de HSE e Ingenier\u00eda de BP Brazil. Regresa nuevamente a BP UK (2011) como Gerente de Renovaci\u00f3n del Mar del Norte. Enrique contin\u00faa su carrera profesional como Vicepresidente en STORK AMS Am\u00e9ricas (2015) en Bogot\u00e1 Colombia.<\/p>\n<hr \/>\n<p>11:30 \u2013 12:30, Thursday\u00a0&#8211;\u00a0<em><span style=\"color: #0000ff;\">Keynote &#8211;\u00a0<\/span><\/em>Salon Esmeralda I &amp; II<\/p>\n<p><span style=\"color: #993300;\"><strong><img loading=\"lazy\" decoding=\"async\" class=\"wp-image-364 alignleft\" src=\"http:\/\/ieomsociety.org\/bogota2017\/wp-content\/uploads\/2016\/05\/juan.jpg\" alt=\"\" width=\"219\" height=\"328\" srcset=\"http:\/\/ieomsociety.org\/bogota2017\/wp-content\/uploads\/2016\/05\/juan.jpg 330w, http:\/\/ieomsociety.org\/bogota2017\/wp-content\/uploads\/2016\/05\/juan-200x300.jpg 200w, http:\/\/ieomsociety.org\/bogota2017\/wp-content\/uploads\/2016\/05\/juan-130x195.jpg 130w\" sizes=\"(max-width: 219px) 100vw, 219px\" \/><span style=\"color: #ff6600;\">Dr. Juan Diego Alzate<\/span><br \/>\n<\/strong>Fundador de Transprojects (Paris), Smart Grop Asia (China)<\/span><br \/>\n<span style=\"color: #993300;\"> \u201cAcredited Trainer\u201d en Paris para International Chamber of Commerce (ICC) en Incoterms\u00ae<\/span><\/p>\n<p>El Profesor Juan Diego Alzate es \u201cAcredited Trainer\u201d en Paris para International Chamber of Commerce (ICC) en Incoterms\u00ae. Experto en Negocios Internacionales, Supply Chain Management (SCMC), Distribuci\u00f3n F\u00edsica Internacional, manejo integral de Proyectos Especiales en Log\u00edstica Internacional (DFI, Aduanas, Exclusiones tributarias importaci\u00f3n), Mercadeo Internacional, Planeaci\u00f3n estrat\u00e9gica. Catedr\u00e1tico de posgrados, conferencista internacional en ProColombia, C\u00e1maras de Comercio e ICC en varios pa\u00edses). 20 a\u00f1os de experiencia gerencial en temas de negocios internacionales. Miembro Acad\u00e9mico del Supply Chain Council -USA (Apics). Ha desarrollado proyectos como Gerente General de empresas de Freight Forwarding (Transprojects, Megatransport) con tr\u00e1ficos regulares entre Europa, Asia y Am\u00e9rica. Ejecutor y contratista principal de grandes proyectos de infraestructura (Hidroel\u00e9ctricas, Termoel\u00e9ctricas, Taladros Petroleros, Plantas de Tratamientos, tuneladoras, grandes obras civiles, maquinaria pesada, transformadores de alto nivel, extrapesados y extra vol\u00famenes), para varios pa\u00edses en lationam\u00e9rica. Fundador de Transprojects (Paris), Smart Grop Asia (China) y socio principal en Megatransport Projects Logistics. Socio de la firma Maximum Consulting, especializado en derecho internacional de los negocios, y consultor\u00eda en negocios internacionales.<\/p>\n<hr \/>\n<p>12:30 \u2013 1:30, Thursday\u00a0&#8211;\u00a0<em><span style=\"color: #0000ff;\">Keynote &#8211;\u00a0<\/span><\/em>Salon Esmeralda I &amp; II<\/p>\n<p><span style=\"color: #993300;\"><strong><img loading=\"lazy\" decoding=\"async\" class=\" wp-image-363 alignleft\" src=\"http:\/\/ieomsociety.org\/bogota2017\/wp-content\/uploads\/2016\/05\/rodolfo.jpg\" alt=\"\" width=\"216\" height=\"248\" srcset=\"http:\/\/ieomsociety.org\/bogota2017\/wp-content\/uploads\/2016\/05\/rodolfo.jpg 210w, http:\/\/ieomsociety.org\/bogota2017\/wp-content\/uploads\/2016\/05\/rodolfo-170x195.jpg 170w\" sizes=\"(max-width: 216px) 100vw, 216px\" \/><span style=\"color: #ff6600;\">Dr. Rodolfo Sabonge<\/span><br \/>\n<\/strong>Ex Vicepresidente del Canal de Panam\u00e1<\/span><\/p>\n<p><em>\u201cProspectiva de la log\u00edstica regional y su impacto en las cadenas de suministro\u201d<\/em><\/p>\n<p>Rodolfo Sabonge especialista en planificaci\u00f3n estrat\u00e9gica y prospectiva en temas de infraestructura y proyectos mar\u00edtimos y log\u00edsticos. Se desempe\u00f1\u00f3 hasta el a\u00f1o 2013 como Vicepresidente Ejecutivo de Planificaci\u00f3n y Desarrollo Comercial de la Autoridad del Canal de Panam\u00e1 (ACP). Dirigi\u00f3 la planificaci\u00f3n de la transferencia del Canal a la Rep\u00fablica de Panam\u00e1, y posteriormente lider\u00f3 los estudios de demanda, mercado e impacto econ\u00f3mico que justificaron el proyecto de ampliaci\u00f3n del Canal de Panam\u00e1. Es especialista en inteligencia competitiva, an\u00e1lisis e investigaci\u00f3n de mercado y estudios de factibilidad.<\/p>\n<p>Culmin\u00f3 estudios de Ingenier\u00eda Mec\u00e1nica de la Universidad de Norte Dame, realiz\u00f3 estudios de posgrado en Administraci\u00f3n de Empresas en la Universidad de Miami, Florida, y tiene un Master en Desarrollo Mar\u00edtimo de la Facultad de Derecho de la Universidad de Panam\u00e1, complet\u00f3 un programa ejecutivo de la Universidad de Stanford en Singapur, y un programa sobre competitividad en la Universidad de Harvard. Durante su trayectoria desarroll\u00f3 una amplia experiencia a nivel mundial, relacion\u00e1ndose personalmente con los CEOs de las principales navieras y de los principales puertos. En la actualidad funge como Director del Centro de Cooperaci\u00f3n en Tecnolog\u00eda Mar\u00edtima para Latino Am\u00e9rica de la Universidad Mar\u00edtima Internacional de Panam\u00e1 y como asesor en el Instituto de Estudios del Canal y Comercio Internacional de la Universidad de Panam\u00e1. Adem\u00e1s es consultor internacional en temas mar\u00edtimos y de log\u00edstica.<\/p>\n<hr \/>\n<p>1:30 &#8211; 2:15 <strong>Lunch<\/strong><\/p>\n<hr \/>\n<p>2:15 \u2013 3:00, Thursday\u00a0\u00a0&#8211;\u00a0<em><span style=\"color: #0000ff;\">Keynote &#8211;\u00a0<\/span><\/em>Salon Esmeralda I &amp; II<\/p>\n<p><span style=\"color: #993300;\"><strong><img loading=\"lazy\" decoding=\"async\" class=\"wp-image-361 alignleft\" src=\"http:\/\/ieomsociety.org\/bogota2017\/wp-content\/uploads\/2016\/05\/gian.jpg\" alt=\"\" width=\"216\" height=\"193\" \/><span style=\"color: #ff6600;\">Dr. Gian Paolo Gandini<\/span><\/strong><\/span><br \/>\n<span style=\"color: #993300;\"> Director Corporativo de adsorchind Belcorp<\/span><br \/>\n<span style=\"color: #993300;\"> Gerente general Andina Charer paner Apics<\/span><\/p>\n<p>Ingeniero Industrial, EMBA Universidad de los Andes, CPIM Apics. Profesional con m\u00e1s de 23 a\u00f1os de experiencia en Cadena de abastecimiento en compa\u00f1\u00edas multinacionales farmac\u00e9uticas, consumo masivo, confiter\u00eda y cosm\u00e9ticos. Amplia y profunda experiencia en cada uno de los procesos que componen la cadena log\u00edstica internacional: planeaci\u00f3n, administraci\u00f3n de inventarios, compras, manufactura, estrategia de abastecimiento, almacenamiento, Innovation sourcing, transporte nacional e internacional. Ha trabajado en compa\u00f1\u00edas tales como FRUCO, Warner Lambert, Pfizer, CABDBURY ADAMS y Actualmente es Director Corpotativo de Sourcing en Belcorp.<\/p>\n<hr \/>\n<p>3:00 \u2013 3:30, Thursday<strong>\u00a0<em><span style=\"color: #0000ff;\">&#8211;\u00a0AWARDS &#8211; <\/span><\/em><\/strong>Salon Esmeralda<\/p>\n<p style=\"padding-left: 30px;\"><span style=\"color: #993300;\"> <strong>Conference Awards and Recognition <\/strong><\/span><\/p>\n<hr \/>\n<p>3:30 \u2013 4:30, Thursday\u00a0&#8211;\u00a0<em><span style=\"color: #0000ff;\"><strong>PANEL<\/strong> &#8211;\u00a0<\/span><\/em>Salon Esmeralda<\/p>\n<p><strong><span style=\"color: #ff6600;\">Panelists:<\/span> <\/strong><br \/>\nDiana Gonz\u00e1lez D\u00edaz Jefe de Operaciones de Don Jediondo<br \/>\nSebastian Puerta Mantilla Jefe de Operaciones Carga Internacional Latam<br \/>\nDaniel Villa Camacho Chief operating official of Colombia, Per\u00fa and Ecuador Domicilios.com<\/p>\n<hr \/>\n<p>4:30 \u2013 5:00\u00a0\u00a0\u00a0\u00a0\u00a0\u00a0\u00a0\u00a0\u00a0\u00a0\u00a0 Break<\/p>\n<hr \/>\n<p>5:00 \u2013 5:45, Thursday\u00a0\u00a0 \u00a0&#8211;\u00a0<em><span style=\"color: #0000ff;\">Keynote International\u00a0&#8211;\u00a0<\/span><\/em>Salon Esmeralda<\/p>\n<p><span style=\"color: #993300;\"><strong><span style=\"color: #ff6600;\">Dr. Fernando C\u00e1mara<\/span><br \/>\n<\/strong>Director de Log\u00edstica Jer\u00f3nimo Martins ARA<\/span><\/p>\n<p><img loading=\"lazy\" decoding=\"async\" class=\"alignnone wp-image-402\" src=\"http:\/\/ieomsociety.org\/bogota2017\/wp-content\/uploads\/2016\/05\/Camara.png\" alt=\"\" width=\"214\" height=\"227\" srcset=\"http:\/\/ieomsociety.org\/bogota2017\/wp-content\/uploads\/2016\/05\/Camara.png 238w, http:\/\/ieomsociety.org\/bogota2017\/wp-content\/uploads\/2016\/05\/Camara-183x195.png 183w\" sizes=\"(max-width: 214px) 100vw, 214px\" \/><\/p>\n<p>El Dr. Fernando Lopez es Ingeniero agr\u00f3nomo de la Universidad de \u00c9vora, ha participado en diferentes programas de log\u00edstica y Suplly Chain en universidades como Kellogs USA, Cranfield UK y Universidad Cat\u00f3lica de Portugal, m\u00e1s de 17 a\u00f1os de experiencia trabajando como coordinador log\u00edstico en cadenas de suministro, Supply Chain enfocado en la optimizaci\u00f3n de procesos de cadenas de distribuci\u00f3n. Ha participado en m\u00e1s de 30 proyectos de mejora para la operaci\u00f3n log\u00edstica y procesos de producci\u00f3n en diferentes empresas del universo de Jeronimo Martins.<\/p>\n<hr \/>\n<p>6:00 \u2013 6:30 Conference closing and certificate delivery<\/p>\n","protected":false},"excerpt":{"rendered":"<p>Keynote October 25, 2017 (Wednesday) 8:00 \u2013 8:10, Wednesday\u00a0Welcome Address &#8211;\u00a0Salon Esmeralda I &amp; II Bienvenida a Cargo del Rector Jos\u00e9 Manuel Restrepo Univeristy of Rosario Bogota, Colombia Jos\u00e9 Manuel Restrepo is the President of Universidad del Rosario in Bogota, Colombia. He is an Economist from the same University, where he also obtained a graduate [&hellip;]<\/p>\n","protected":false},"author":1,"featured_media":0,"parent":0,"menu_order":0,"comment_status":"closed","ping_status":"closed","template":"","meta":{"footnotes":""},"class_list":["post-57","page","type-page","status-publish","hentry"],"_links":{"self":[{"href":"http:\/\/ieomsociety.org\/bogota2017\/wp-json\/wp\/v2\/pages\/57"}],"collection":[{"href":"http:\/\/ieomsociety.org\/bogota2017\/wp-json\/wp\/v2\/pages"}],"about":[{"href":"http:\/\/ieomsociety.org\/bogota2017\/wp-json\/wp\/v2\/types\/page"}],"author":[{"embeddable":true,"href":"http:\/\/ieomsociety.org\/bogota2017\/wp-json\/wp\/v2\/users\/1"}],"replies":[{"embeddable":true,"href":"http:\/\/ieomsociety.org\/bogota2017\/wp-json\/wp\/v2\/comments?post=57"}],"version-history":[{"count":41,"href":"http:\/\/ieomsociety.org\/bogota2017\/wp-json\/wp\/v2\/pages\/57\/revisions"}],"predecessor-version":[{"id":458,"href":"http:\/\/ieomsociety.org\/bogota2017\/wp-json\/wp\/v2\/pages\/57\/revisions\/458"}],"wp:attachment":[{"href":"http:\/\/ieomsociety.org\/bogota2017\/wp-json\/wp\/v2\/media?parent=57"}],"curies":[{"name":"wp","href":"https:\/\/api.w.org\/{rel}","templated":true}]}}